{"id":48993,"date":"2025-04-10T16:58:10","date_gmt":"2025-04-10T13:58:10","guid":{"rendered":"https:\/\/www.4eyes.com.tr\/?page_id=48993"},"modified":"2025-05-02T11:38:54","modified_gmt":"2025-05-02T08:38:54","slug":"balenciaga","status":"publish","type":"page","link":"https:\/\/www.4eyes.com.tr\/en\/brand-stories\/balenciaga\/","title":{"rendered":"Balenciaga"},"content":{"rendered":"<div class=\"row robsl\"  id=\"row-1540830734\">\n\n\t<div id=\"col-1563994309\" class=\"col small-12 large-12\"  >\n\t\t\t\t<div class=\"col-inner\"  >\n\t\t\t\n\t\t\t\n\t<div class=\"img has-hover x md-x lg-x y md-y lg-y\" id=\"image_15903282\">\n\t\t\t\t\t\t\t\t<div class=\"img-inner image-cover dark\" style=\"padding-top:56.25%;margin:0px 0px 5px 0px;\">\n\t\t\t<img loading=\"lazy\" decoding=\"async\" width=\"1020\" height=\"495\" src=\"https:\/\/www.4eyes.com.tr\/wp-content\/uploads\/2025\/04\/balenciaga-1024x497.jpg\" class=\"attachment-large size-large\" alt=\"\" srcset=\"https:\/\/www.4eyes.com.tr\/wp-content\/uploads\/2025\/04\/balenciaga-1024x497.jpg 1024w, https:\/\/www.4eyes.com.tr\/wp-content\/uploads\/2025\/04\/balenciaga-300x146.jpg 300w, https:\/\/www.4eyes.com.tr\/wp-content\/uploads\/2025\/04\/balenciaga-768x373.jpg 768w, https:\/\/www.4eyes.com.tr\/wp-content\/uploads\/2025\/04\/balenciaga-600x291.jpg 600w, https:\/\/www.4eyes.com.tr\/wp-content\/uploads\/2025\/04\/balenciaga.jpg 1030w\" sizes=\"auto, (max-width: 1020px) 100vw, 1020px\" \/>\t\t\t\t\t\t\n\t\t\t\t\t<\/div>\n\t\t\t\t\t\t\t\t\n<style>\n#image_15903282 {\n  width: 100%;\n}\n<\/style>\n\t<\/div>\n\t\n\t<div id=\"text-1378173445\" class=\"text fne\">\n\t\t\n<h2 style=\"font-weight: 400; text-align: center;\"><strong>Breaking the Design Molds<\/strong><\/h2>\n<blockquote>\n<p style=\"text-align: center;\"><strong><em>Today, Balenciaga stands as a fashion empire, adored by celebrities and millions worldwide, preserving the craftsmanship of its founder, the \u2018couture genius.\u2019<\/em><\/strong><\/p>\n<\/blockquote>\n<p class=\"alt-font\" style=\"text-align: justify;\">Balenciaga&#8217;s journey began with Crist\u00f3bal Balenciaga, born in 1895. While details about his childhood remain uncertain, it is known that he grew up in a small fishing village in Spain. Following his father\u2019s passing, his mother worked as a seamstress to support the family. Fascinated by her craft, Crist\u00f3bal took his first steps into fashion as an apprentice at a holiday resort in San Sebasti\u00e1n at the age of 12. Like many of his contemporaries, Crist\u00f3bal was entirely self-taught-there were no formal fashion schools or pattern-making programs at the time. Practical sewing lessons were typically provided in local churches to children from modest backgrounds. However, what set Crist\u00f3bal apart from other tailors was his sheer genius.<\/p>\n\t\t\t<\/div>\n\t\n\n  \n    <div class=\"row  lightbox-multi-gallery large-columns-4 medium-columns-3 small-columns-2 row-small slider row-slider slider-nav-reveal\"  data-flickity-options='{&quot;imagesLoaded&quot;: true, &quot;groupCells&quot;: &quot;100%&quot;, &quot;dragThreshold&quot; : 5, &quot;cellAlign&quot;: &quot;left&quot;,&quot;wrapAround&quot;: true,&quot;prevNextButtons&quot;: true,&quot;percentPosition&quot;: true,&quot;pageDots&quot;: false, &quot;rightToLeft&quot;: false, &quot;autoPlay&quot; : false}' >\n\n  <div class=\"gallery-col col\" >\n          <div class=\"col-inner\">\n            <a class=\"\" href=\"https:\/\/www.4eyes.com.tr\/wp-content\/uploads\/2025\/04\/1e9bfffb12608e011dee3a60287e11d8.jpg\" title=\"\">            <div class=\"box has-hover gallery-box box-none\">\n              <div class=\"box-image image-cover\" style=\"padding-top:120%;\">\n                <img loading=\"lazy\" decoding=\"async\" width=\"240\" height=\"300\" src=\"https:\/\/www.4eyes.com.tr\/wp-content\/uploads\/2025\/04\/1e9bfffb12608e011dee3a60287e11d8-240x300.jpg\" class=\"attachment-medium size-medium\" alt=\"\" ids=\"48969,48967,48973,48971\" style=\"none\" lightbox_image_size=\"original\" type=\"slider\" col_spacing=\"small\" image_height=\"120%\" srcset=\"https:\/\/www.4eyes.com.tr\/wp-content\/uploads\/2025\/04\/1e9bfffb12608e011dee3a60287e11d8-240x300.jpg 240w, https:\/\/www.4eyes.com.tr\/wp-content\/uploads\/2025\/04\/1e9bfffb12608e011dee3a60287e11d8-819x1024.jpg 819w, https:\/\/www.4eyes.com.tr\/wp-content\/uploads\/2025\/04\/1e9bfffb12608e011dee3a60287e11d8-768x960.jpg 768w, https:\/\/www.4eyes.com.tr\/wp-content\/uploads\/2025\/04\/1e9bfffb12608e011dee3a60287e11d8-600x750.jpg 600w, https:\/\/www.4eyes.com.tr\/wp-content\/uploads\/2025\/04\/1e9bfffb12608e011dee3a60287e11d8.jpg 1200w\" sizes=\"auto, (max-width: 240px) 100vw, 240px\" \/>                                                              <\/div>\n              <div class=\"box-text text-left\" >\n                 <p><\/p>\n              <\/div>\n            <\/div>\n            <\/a>          <\/div>\n         <\/div><div class=\"gallery-col col\" >\n          <div class=\"col-inner\">\n            <a class=\"\" href=\"https:\/\/www.4eyes.com.tr\/wp-content\/uploads\/2025\/04\/BalenciagaFW14a.jpg\" title=\"\">            <div class=\"box has-hover gallery-box box-none\">\n              <div class=\"box-image image-cover\" style=\"padding-top:120%;\">\n                <img loading=\"lazy\" decoding=\"async\" width=\"240\" height=\"300\" src=\"https:\/\/www.4eyes.com.tr\/wp-content\/uploads\/2025\/04\/BalenciagaFW14a-240x300.jpg\" class=\"attachment-medium size-medium\" alt=\"\" ids=\"48969,48967,48973,48971\" style=\"none\" lightbox_image_size=\"original\" type=\"slider\" col_spacing=\"small\" image_height=\"120%\" srcset=\"https:\/\/www.4eyes.com.tr\/wp-content\/uploads\/2025\/04\/BalenciagaFW14a-240x300.jpg 240w, https:\/\/www.4eyes.com.tr\/wp-content\/uploads\/2025\/04\/BalenciagaFW14a-819x1024.jpg 819w, https:\/\/www.4eyes.com.tr\/wp-content\/uploads\/2025\/04\/BalenciagaFW14a-768x960.jpg 768w, https:\/\/www.4eyes.com.tr\/wp-content\/uploads\/2025\/04\/BalenciagaFW14a-600x750.jpg 600w, https:\/\/www.4eyes.com.tr\/wp-content\/uploads\/2025\/04\/BalenciagaFW14a.jpg 1200w\" sizes=\"auto, (max-width: 240px) 100vw, 240px\" \/>                                                              <\/div>\n              <div class=\"box-text text-left\" >\n                 <p><\/p>\n              <\/div>\n            <\/div>\n            <\/a>          <\/div>\n         <\/div><div class=\"gallery-col col\" >\n          <div class=\"col-inner\">\n            <a class=\"\" href=\"https:\/\/www.4eyes.com.tr\/wp-content\/uploads\/2025\/04\/d3d78c92680985d3d84f91f2085260f6.jpg\" title=\"\">            <div class=\"box has-hover gallery-box box-none\">\n              <div class=\"box-image image-cover\" style=\"padding-top:120%;\">\n                <img loading=\"lazy\" decoding=\"async\" width=\"240\" height=\"300\" src=\"https:\/\/www.4eyes.com.tr\/wp-content\/uploads\/2025\/04\/d3d78c92680985d3d84f91f2085260f6-240x300.jpg\" class=\"attachment-medium size-medium\" alt=\"\" ids=\"48969,48967,48973,48971\" style=\"none\" lightbox_image_size=\"original\" type=\"slider\" col_spacing=\"small\" image_height=\"120%\" srcset=\"https:\/\/www.4eyes.com.tr\/wp-content\/uploads\/2025\/04\/d3d78c92680985d3d84f91f2085260f6-240x300.jpg 240w, https:\/\/www.4eyes.com.tr\/wp-content\/uploads\/2025\/04\/d3d78c92680985d3d84f91f2085260f6-819x1024.jpg 819w, https:\/\/www.4eyes.com.tr\/wp-content\/uploads\/2025\/04\/d3d78c92680985d3d84f91f2085260f6-768x960.jpg 768w, https:\/\/www.4eyes.com.tr\/wp-content\/uploads\/2025\/04\/d3d78c92680985d3d84f91f2085260f6-600x750.jpg 600w, https:\/\/www.4eyes.com.tr\/wp-content\/uploads\/2025\/04\/d3d78c92680985d3d84f91f2085260f6.jpg 1200w\" sizes=\"auto, (max-width: 240px) 100vw, 240px\" \/>                                                              <\/div>\n              <div class=\"box-text text-left\" >\n                 <p><\/p>\n              <\/div>\n            <\/div>\n            <\/a>          <\/div>\n         <\/div><div class=\"gallery-col col\" >\n          <div class=\"col-inner\">\n            <a class=\"\" href=\"https:\/\/www.4eyes.com.tr\/wp-content\/uploads\/2025\/04\/BalenciagaFW14c.jpg\" title=\"\">            <div class=\"box has-hover gallery-box box-none\">\n              <div class=\"box-image image-cover\" style=\"padding-top:120%;\">\n                <img loading=\"lazy\" decoding=\"async\" width=\"240\" height=\"300\" src=\"https:\/\/www.4eyes.com.tr\/wp-content\/uploads\/2025\/04\/BalenciagaFW14c-240x300.jpg\" class=\"attachment-medium size-medium\" alt=\"\" ids=\"48969,48967,48973,48971\" style=\"none\" lightbox_image_size=\"original\" type=\"slider\" col_spacing=\"small\" image_height=\"120%\" srcset=\"https:\/\/www.4eyes.com.tr\/wp-content\/uploads\/2025\/04\/BalenciagaFW14c-240x300.jpg 240w, https:\/\/www.4eyes.com.tr\/wp-content\/uploads\/2025\/04\/BalenciagaFW14c-819x1024.jpg 819w, https:\/\/www.4eyes.com.tr\/wp-content\/uploads\/2025\/04\/BalenciagaFW14c-768x960.jpg 768w, https:\/\/www.4eyes.com.tr\/wp-content\/uploads\/2025\/04\/BalenciagaFW14c-600x750.jpg 600w, https:\/\/www.4eyes.com.tr\/wp-content\/uploads\/2025\/04\/BalenciagaFW14c.jpg 1200w\" sizes=\"auto, (max-width: 240px) 100vw, 240px\" \/>                                                              <\/div>\n              <div class=\"box-text text-left\" >\n                 <p><\/p>\n              <\/div>\n            <\/div>\n            <\/a>          <\/div>\n         <\/div><\/div>\n<p class=\"alt-font\" style=\"text-align: justify;\"><strong>From Elisa to Balenciaga\u2026<br \/>\n<\/strong>In 1917, Crist\u00f3bal Balenciaga opened his first fashion house under the name \u2018Elisa,\u2019 a shortened version of his mother\u2019s maiden name. Expanding to Madrid in the 1920s, he later set his sights on the fashion capital-Paris. Forced to leave Spain due to the Spanish Civil War, he relocated to France in 1937, where he opened his first haute couture house on Avenue George V. Soon, it became one of the city&#8217;s most prestigious fashion addresses. Unlike his competitors, Chanel and Dior, Balenciaga distinguished himself with unparalleled craftsmanship. Starting his designs directly with fabric rather than sketches, he was a master of draping and tailoring. This talent earned him a devoted following, though he preferred to keep a small circle of acquaintances, including Christian Dior, Hubert de Givenchy, Carmel Snow, and Diana Vreeland. He remained distant from the press, even hostile at times.<\/p>\n<p class=\"alt-font\" style=\"text-align: justify;\">The 1950s saw Balenciaga and Dior dominate the haute couture scene. While Dior embraced the fitted hourglass silhouette, Balenciaga introduced wide-sleeved designs that fell at the wrist, redefining post-war fashion. His reluctance toward the media grew stronger, and in 1956, he made a radical move-he withdrew from the Chambre Syndicale, the predecessor of today\u2019s F\u00e9d\u00e9ration de la Haute Couture et de la Mode. To protect his designs from American copycats, he showcased his collections a month after Paris\u2019 official fashion calendar. Givenchy and Yves Saint Laurent followed suit, banning the press from their shows as well.<\/p>\n<p class=\"alt-font\" style=\"text-align: justify;\">Balenciaga\u2019s most groundbreaking innovations emerged in the 1950s and 1960s, shaping the foundation of the brand\u2019s enduring legacy. He revolutionized women\u2019s fashion with voluminous balloon skirts and loose, sack dresses that freed the body from restrictive silhouettes. Initially seen as radical and unwearable, these designs soon became timeless icons. However, after decades of legendary success, Balenciaga shocked the fashion world by closing his couture house in 1968. Believing haute couture had lost its true essence, he retired to his native Basque region. Though he passed away in 1972 at the age of 77, his unparalleled expertise in cut and silhouette continues to inspire designers today.<\/p>\n<p class=\"alt-font\" style=\"text-align: justify;\"><strong>A New Chapter<br \/>\n<\/strong>Nearly 20 years after its closure, the Balenciaga fashion house was revived in 1986. After various creative directors, the brand found a new spark under Nicolas Ghesqui\u00e8re in 1997. His Spring\/Summer 1998 collection breathed new life into Balenciaga, and many of his designs, from the patchwork dress to the iconic Motorcycle Lariat bag, remain legendary.<\/p>\n<p class=\"alt-font\" style=\"text-align: justify;\">In 2001, Balenciaga was acquired by Kering Group, which also owns brands like Yves Saint Laurent, Alexander McQueen, and Bottega Veneta. In 2015, Demna Gvasalia was appointed creative director, propelling the brand to new heights while staying true to Crist\u00f3bal Balenciaga\u2019s mastery of structure and form. Under his direction, Balenciaga became Kering\u2019s fastest-growing luxury brand in 2018, captivating millions with its bold and innovative approach to high fashion.<\/p>\n<p class=\"alt-font\" style=\"text-align: justify;\"><strong>Returning to Its Heritage<br \/>\n<\/strong>In 2020, Gvasalia orchestrated the long-awaited revival of Balenciaga&#8217;s haute couture tradition. He meticulously assembled a specialized team to reintroduce couture in the historic George V atelier, marking the brand\u2019s first couture collection in 53 years. This moment symbolized Balenciaga\u2019s return to its roots. Further strengthening its presence, Balenciaga appointed its first-ever brand ambassadors in July 2023-legendary French actress Isabelle Huppert and 23-year-old Chinese actor and model Krit Amnuaydechkorn. In November 2023, Oscar-winning actress Michelle Yeoh joined as an ambassador, followed by Nicole Kidman in December. In January 2024, Kim Kardashian was announced as Balenciaga\u2019s latest global ambassador. With its groundbreaking collections and striking campaigns, Balenciaga continues to define luxury fashion, honoring its founder\u2019s legacy while leading the way for future generations.<\/p>\n<div class=\"row row-small row-full-width\"  id=\"row-353451313\">\n\n\t<div id=\"col-992656313\" class=\"col medium-7 large-7\"  >\n\t\t\t\t<div class=\"col-inner\"  >\n\t\t\t\n\t\t\t\n<p class=\"alt-font\" style=\"text-align: justify;\"><strong>Balenciaga Eyewear<br \/>\n<\/strong>Balenciaga\u2019s eyewear collections reflect the brand\u2019s avant-garde and innovative design ethos. The journey began in 2007 with a licensing agreement with Italian eyewear manufacturer Safilo Group. The collaboration debuted at Balenciaga\u2019s Spring\/Summer 2007 show, featuring 1970s-inspired women\u2019s sunglasses that quickly gained attention. The partnership lasted until December 31, 2012. Following this, Balenciaga signed a five-year licensing deal with Marcolin Group in 2012, launching its first eyewear collection under the new partnership in 2013.<\/p>\n<p class=\"alt-font\" style=\"text-align: justify;\">However, in 2018, Balenciaga transitioned to a new partnership with Kering Eyewear, bringing the design, production, and distribution of its eyewear in-house. The Spring\/Summer 2019 collection was the first released under this collaboration.<\/p>\n<p class=\"alt-font\" style=\"text-align: justify;\">Balenciaga\u2019s eyewear designs are known for their bold, architectural forms, oversized silhouettes, and geometric lines. Every piece embodies the brand\u2019s radical aesthetic and expert craftsmanship, solidifying its place in the world of high fashion.<\/p>\n<p class=\"alt-font\" style=\"text-align: justify;\"><strong>Chronology:<\/strong><\/p>\n<p class=\"alt-font\" style=\"text-align: justify;\"><strong>1895<br \/>\n<\/strong>Crist\u00f3bal Balenciaga was born in Getaria, in the Basque region of Spain.<\/p>\n<p class=\"alt-font\" style=\"text-align: justify;\"><strong>1917<br \/>\n<\/strong>Crist\u00f3bal Balenciaga opened his haute couture fashion house in San Sebastian, Spain.<\/p>\n<p class=\"alt-font\" style=\"text-align: justify;\"><strong>1937<br \/>\n<\/strong>He opened his fashion house at 10 Avenue George V in Paris. The presentation of his first collection was met with great success from the press and buyers.<\/p>\n<p class=\"alt-font\" style=\"text-align: justify;\"><strong>1947<br \/>\n<\/strong>The first Balenciaga perfume, \u201cLe Dix,\u201d was released. A year later, his second perfume, \u201cLa Fuite des Heures,\u201d was introduced.<\/p>\n<p class=\"alt-font\" style=\"text-align: justify;\"><strong>1951<br \/>\n<\/strong>Crist\u00f3bal Balenciaga designed the Vareuse and Cocoon collections. Though the collections were radical and unconventional, they quickly gained great popularity.<\/p>\n<p class=\"alt-font\" style=\"text-align: justify;\"><strong>1952<br \/>\n<\/strong>He designed the Parachute dress. The waistline dropped to the level of the hips, reshaping silhouettes.<\/p>\n<p class=\"alt-font\" style=\"text-align: justify;\"><strong>1955<br \/>\n<\/strong>He designed his first tunic. His third perfume, \u201cQuadrille,\u201d was released.<\/p>\n<p class=\"alt-font\" style=\"text-align: justify;\"><strong>1957<br \/>\n<\/strong>Crist\u00f3bal Balenciaga continued to revolutionize the fashion world with simplified lines. He presented the Sack dress, the Cloche, and Paon collections.<\/p>\n<p class=\"alt-font\" style=\"text-align: justify;\"><strong>1958<br \/>\n<\/strong>Crist\u00f3bal Balenciaga created Baby Doll dresses and the Gazar d\u2019Abraham fabric. The famous designer was awarded the Legion d&#8217;Honneur.<\/p>\n<p class=\"alt-font\" style=\"text-align: justify;\"><strong>1959<br \/>\n<\/strong>He presented the Amphore collection, featuring short jackets and higher waistlines.<\/p>\n<p class=\"alt-font\" style=\"text-align: justify;\"><strong>1965<br \/>\n<\/strong>He designed the P\u00e9tale dress. Three years later, he presented his final collection and, after 30 years of fashion innovation, retired to his home in Spain.<\/p>\n<p class=\"alt-font\" style=\"text-align: justify;\"><strong>1972<br \/>\n<\/strong>Crist\u00f3bal Balenciaga passed away on March 24, 1972, in J\u00e1vea, Spain. He was buried in his hometown in the Basque region.<\/p>\n<p class=\"alt-font\" style=\"text-align: justify;\"><strong>1973<br \/>\n<\/strong>The \u201cThe World of Balenciaga\u201d exhibition was held at the New York Metropolitan Museum.<\/p>\n<p class=\"alt-font\" style=\"text-align: justify;\"><strong>1968 &#8211; 1997<br \/>\n<\/strong>The fashion house underwent a 30-year period of dormancy.<\/p>\n<p class=\"alt-font\" style=\"text-align: justify;\"><strong>1997<br \/>\n<\/strong>Nicolas Ghesqui\u00e8re became the Creative Director of Balenciaga.<\/p>\n<p class=\"alt-font\" style=\"text-align: justify;\"><strong>2001<br \/>\n<\/strong>Kering acquired the Balenciaga fashion house. The \u201cLe City\u201d bag was released.<\/p>\n<p class=\"alt-font\" style=\"text-align: justify;\"><strong>2004<br \/>\n<\/strong>A ready-to-wear collection for men and accessories was introduced.<\/p>\n<p class=\"alt-font\" style=\"text-align: justify;\"><strong>2006<br \/>\n<\/strong>The \u201cBalenciaga Paris\u201d exhibition opened at the Mus\u00e9e des Arts D\u00e9coratifs in Paris.<\/p>\n<p class=\"alt-font\" style=\"text-align: justify;\"><strong>2011<br \/>\n<\/strong>The \u201cBalenciaga and Spain\u201d exhibition opened at the De Young Fine Arts Museum in San Francisco. The Crist\u00f3bal Balenciaga Museum opened in Getaria, Spain.<\/p>\n<p class=\"alt-font\" style=\"text-align: justify;\"><strong>2012<br \/>\n<\/strong>The \u201cCrist\u00f3bal Balenciaga: The Collection of Fashion\u201d exhibition opened at Les Docks Cit\u00e9 de la Mode et du Design in Paris. Alexander Wang was appointed Creative Director of Balenciaga.<\/p>\n<p class=\"alt-font\" style=\"text-align: justify;\"><strong>2015<br \/>\n<\/strong>Demna became the Creative Director of Balenciaga.<\/p>\n<p class=\"alt-font\" style=\"text-align: justify;\"><strong>2016<br \/>\n<\/strong>The first Balenciaga men\u2019s runway show was presented for the Spring\/Summer 2017 collection.<\/p>\n<p class=\"alt-font\" style=\"text-align: justify;\"><strong>2017<br \/>\n<\/strong>The 100th anniversary celebrations took place. The \u201cBalenciaga in Black\u201d exhibition was held in Paris, the U.S., and the Netherlands. The \u201cBalenciaga Shaping Fashion\u201d exhibition opened at the Victoria and Albert Museum in London.<\/p>\n<p class=\"alt-font\" style=\"text-align: justify;\"><strong>2021<br \/>\n<\/strong>Demna relaunched the Balenciaga Couture collection after 53 years.<\/p>\n<p class=\"alt-font\" style=\"text-align: justify;\"><strong>2022<br \/>\n<\/strong>The Spring 2023 collection was presented in New York. A Couture store was opened at Balenciaga&#8217;s historic address, 10 Avenue George V.<\/p>\n<p class=\"alt-font\" style=\"text-align: justify;\"><strong>2023<br \/>\n<\/strong>Balenciaga returned to its birthplace in Paris, expanding to 10 and 12 Avenue George V. The Fall 2024 collection was presented in Los Angeles.<\/p>\n<p class=\"alt-font\" style=\"text-align: justify;\"><strong>2024<br \/>\n<\/strong>The Spring 2025 collection was presented in Shanghai. Demna was awarded the Order of Arts and Letters by the French Minister of Culture. The \u201cThe Subtleties of a Dialogue\u201d exhibition by Balenciaga opened as part of the 2024 European Heritage Days in Paris.<\/p>\n\t\t<\/div>\n\t\t\t\t\n<style>\n#col-992656313 > .col-inner {\n  margin: 0px 0px -40px 0px;\n}\n<\/style>\n\t<\/div>\n\n\t\n\n\t<div id=\"col-1529576467\" class=\"col medium-5 large-5\"  >\n\t\t\t\t<div class=\"col-inner\"  >\n\t\t\t\n\t\t\t\n\t<div class=\"img has-hover x md-x lg-x y md-y lg-y\" id=\"image_1811178186\">\n\t\t\t\t\t\t\t\t<div class=\"img-inner image-cover dark\" style=\"padding-top:120%;\">\n\t\t\t<img loading=\"lazy\" decoding=\"async\" width=\"1200\" height=\"1500\" src=\"https:\/\/www.4eyes.com.tr\/wp-content\/uploads\/2025\/04\/1670245043_cerenas-club-p-balensiaga-pinterest-76.jpg\" class=\"attachment-original size-original\" alt=\"\" srcset=\"https:\/\/www.4eyes.com.tr\/wp-content\/uploads\/2025\/04\/1670245043_cerenas-club-p-balensiaga-pinterest-76.jpg 1200w, https:\/\/www.4eyes.com.tr\/wp-content\/uploads\/2025\/04\/1670245043_cerenas-club-p-balensiaga-pinterest-76-240x300.jpg 240w, https:\/\/www.4eyes.com.tr\/wp-content\/uploads\/2025\/04\/1670245043_cerenas-club-p-balensiaga-pinterest-76-819x1024.jpg 819w, https:\/\/www.4eyes.com.tr\/wp-content\/uploads\/2025\/04\/1670245043_cerenas-club-p-balensiaga-pinterest-76-768x960.jpg 768w, https:\/\/www.4eyes.com.tr\/wp-content\/uploads\/2025\/04\/1670245043_cerenas-club-p-balensiaga-pinterest-76-600x750.jpg 600w\" sizes=\"auto, (max-width: 1200px) 100vw, 1200px\" \/>\t\t\t\t\t\t\n\t\t\t\t\t<\/div>\n\t\t\t\t\t\t\t\t\n<style>\n#image_1811178186 {\n  width: 100%;\n}\n<\/style>\n\t<\/div>\n\t\n\t<div class=\"img has-hover x md-x lg-x y md-y lg-y\" id=\"image_37814808\">\n\t\t<a class=\"image-lightbox lightbox-gallery\" title=\"\" href=\"https:\/\/www.4eyes.com.tr\/wp-content\/uploads\/2025\/04\/Balenciaga-Fall-2013.jpg\">\t\t\t\t\t\t<div class=\"img-inner dark\" >\n\t\t\t<img loading=\"lazy\" decoding=\"async\" width=\"1200\" height=\"1500\" src=\"https:\/\/www.4eyes.com.tr\/wp-content\/uploads\/2025\/04\/Balenciaga-Fall-2013.jpg\" class=\"attachment-original size-original\" alt=\"\" srcset=\"https:\/\/www.4eyes.com.tr\/wp-content\/uploads\/2025\/04\/Balenciaga-Fall-2013.jpg 1200w, https:\/\/www.4eyes.com.tr\/wp-content\/uploads\/2025\/04\/Balenciaga-Fall-2013-240x300.jpg 240w, https:\/\/www.4eyes.com.tr\/wp-content\/uploads\/2025\/04\/Balenciaga-Fall-2013-819x1024.jpg 819w, https:\/\/www.4eyes.com.tr\/wp-content\/uploads\/2025\/04\/Balenciaga-Fall-2013-768x960.jpg 768w, https:\/\/www.4eyes.com.tr\/wp-content\/uploads\/2025\/04\/Balenciaga-Fall-2013-600x750.jpg 600w\" sizes=\"auto, (max-width: 1200px) 100vw, 1200px\" \/>\t\t\t\t\t\t\n\t\t\t\t\t<\/div>\n\t\t\t\t\t\t<\/a>\t\t\n<style>\n#image_37814808 {\n  width: 100%;\n}\n<\/style>\n\t<\/div>\n\t\n\t<div class=\"img has-hover x md-x lg-x y md-y lg-y\" id=\"image_985790215\">\n\t\t<a class=\"image-lightbox lightbox-gallery\" title=\"\" href=\"https:\/\/www.4eyes.com.tr\/wp-content\/uploads\/2025\/04\/5404-1944-78590-94529-fullsize.jpg\">\t\t\t\t\t\t<div class=\"img-inner image-cover dark\" style=\"padding-top:120%;\">\n\t\t\t<img loading=\"lazy\" decoding=\"async\" width=\"1200\" height=\"1500\" src=\"https:\/\/www.4eyes.com.tr\/wp-content\/uploads\/2025\/04\/5404-1944-78590-94529-fullsize.jpg\" class=\"attachment-original size-original\" alt=\"\" srcset=\"https:\/\/www.4eyes.com.tr\/wp-content\/uploads\/2025\/04\/5404-1944-78590-94529-fullsize.jpg 1200w, https:\/\/www.4eyes.com.tr\/wp-content\/uploads\/2025\/04\/5404-1944-78590-94529-fullsize-240x300.jpg 240w, https:\/\/www.4eyes.com.tr\/wp-content\/uploads\/2025\/04\/5404-1944-78590-94529-fullsize-819x1024.jpg 819w, https:\/\/www.4eyes.com.tr\/wp-content\/uploads\/2025\/04\/5404-1944-78590-94529-fullsize-768x960.jpg 768w, https:\/\/www.4eyes.com.tr\/wp-content\/uploads\/2025\/04\/5404-1944-78590-94529-fullsize-600x750.jpg 600w\" sizes=\"auto, (max-width: 1200px) 100vw, 1200px\" \/>\t\t\t\t\t\t\n\t\t\t\t\t<\/div>\n\t\t\t\t\t\t<\/a>\t\t\n<style>\n#image_985790215 {\n  width: 100%;\n}\n<\/style>\n\t<\/div>\n\t\n\t<div class=\"img has-hover x md-x lg-x y md-y lg-y\" id=\"image_207733957\">\n\t\t<a class=\"image-lightbox lightbox-gallery\" title=\"\" href=\"https:\/\/www.4eyes.com.tr\/wp-content\/uploads\/2025\/04\/wp4168113.jpg\">\t\t\t\t\t\t<div class=\"img-inner image-cover dark\" style=\"padding-top:120%;\">\n\t\t\t<img loading=\"lazy\" decoding=\"async\" width=\"1200\" height=\"1500\" src=\"https:\/\/www.4eyes.com.tr\/wp-content\/uploads\/2025\/04\/wp4168113.jpg\" class=\"attachment-original size-original\" alt=\"\" srcset=\"https:\/\/www.4eyes.com.tr\/wp-content\/uploads\/2025\/04\/wp4168113.jpg 1200w, https:\/\/www.4eyes.com.tr\/wp-content\/uploads\/2025\/04\/wp4168113-240x300.jpg 240w, https:\/\/www.4eyes.com.tr\/wp-content\/uploads\/2025\/04\/wp4168113-819x1024.jpg 819w, https:\/\/www.4eyes.com.tr\/wp-content\/uploads\/2025\/04\/wp4168113-768x960.jpg 768w, https:\/\/www.4eyes.com.tr\/wp-content\/uploads\/2025\/04\/wp4168113-600x750.jpg 600w\" sizes=\"auto, (max-width: 1200px) 100vw, 1200px\" \/>\t\t\t\t\t\t\n\t\t\t\t\t<\/div>\n\t\t\t\t\t\t<\/a>\t\t\n<style>\n#image_207733957 {\n  width: 100%;\n}\n<\/style>\n\t<\/div>\n\t\n\t<div class=\"img has-hover x md-x lg-x y md-y lg-y\" id=\"image_1228370701\">\n\t\t<a class=\"image-lightbox lightbox-gallery\" title=\"\" href=\"https:\/\/www.4eyes.com.tr\/wp-content\/uploads\/2025\/04\/fac11f35de5b6e914a7768b947d30edd.jpg\">\t\t\t\t\t\t<div class=\"img-inner image-cover dark\" style=\"padding-top:120%;\">\n\t\t\t<img loading=\"lazy\" decoding=\"async\" width=\"1200\" height=\"1340\" src=\"https:\/\/www.4eyes.com.tr\/wp-content\/uploads\/2025\/04\/fac11f35de5b6e914a7768b947d30edd.jpg\" class=\"attachment-original size-original\" alt=\"\" srcset=\"https:\/\/www.4eyes.com.tr\/wp-content\/uploads\/2025\/04\/fac11f35de5b6e914a7768b947d30edd.jpg 1200w, https:\/\/www.4eyes.com.tr\/wp-content\/uploads\/2025\/04\/fac11f35de5b6e914a7768b947d30edd-269x300.jpg 269w, https:\/\/www.4eyes.com.tr\/wp-content\/uploads\/2025\/04\/fac11f35de5b6e914a7768b947d30edd-917x1024.jpg 917w, https:\/\/www.4eyes.com.tr\/wp-content\/uploads\/2025\/04\/fac11f35de5b6e914a7768b947d30edd-768x858.jpg 768w, https:\/\/www.4eyes.com.tr\/wp-content\/uploads\/2025\/04\/fac11f35de5b6e914a7768b947d30edd-600x670.jpg 600w\" sizes=\"auto, (max-width: 1200px) 100vw, 1200px\" \/>\t\t\t\t\t\t\n\t\t\t\t\t<\/div>\n\t\t\t\t\t\t<\/a>\t\t\n<style>\n#image_1228370701 {\n  width: 100%;\n}\n<\/style>\n\t<\/div>\n\t\n\t<div class=\"img has-hover x md-x lg-x y md-y lg-y\" id=\"image_1412353816\">\n\t\t<a class=\"image-lightbox lightbox-gallery\" title=\"\" href=\"https:\/\/www.4eyes.com.tr\/wp-content\/uploads\/2025\/04\/kim-kardashian-strikes-a-pose-in-balenciaga-winter-22-camapign-03.jpg\">\t\t\t\t\t\t<div class=\"img-inner image-cover dark\" style=\"padding-top:124%;\">\n\t\t\t<img loading=\"lazy\" decoding=\"async\" width=\"1200\" height=\"1340\" src=\"https:\/\/www.4eyes.com.tr\/wp-content\/uploads\/2025\/04\/kim-kardashian-strikes-a-pose-in-balenciaga-winter-22-camapign-03.jpg\" class=\"attachment-original size-original\" alt=\"\" srcset=\"https:\/\/www.4eyes.com.tr\/wp-content\/uploads\/2025\/04\/kim-kardashian-strikes-a-pose-in-balenciaga-winter-22-camapign-03.jpg 1200w, https:\/\/www.4eyes.com.tr\/wp-content\/uploads\/2025\/04\/kim-kardashian-strikes-a-pose-in-balenciaga-winter-22-camapign-03-269x300.jpg 269w, https:\/\/www.4eyes.com.tr\/wp-content\/uploads\/2025\/04\/kim-kardashian-strikes-a-pose-in-balenciaga-winter-22-camapign-03-917x1024.jpg 917w, https:\/\/www.4eyes.com.tr\/wp-content\/uploads\/2025\/04\/kim-kardashian-strikes-a-pose-in-balenciaga-winter-22-camapign-03-768x858.jpg 768w, https:\/\/www.4eyes.com.tr\/wp-content\/uploads\/2025\/04\/kim-kardashian-strikes-a-pose-in-balenciaga-winter-22-camapign-03-600x670.jpg 600w\" sizes=\"auto, (max-width: 1200px) 100vw, 1200px\" \/>\t\t\t\t\t\t\n\t\t\t\t\t<\/div>\n\t\t\t\t\t\t<\/a>\t\t\n<style>\n#image_1412353816 {\n  width: 100%;\n}\n<\/style>\n\t<\/div>\n\t\n\t\t<\/div>\n\t\t\t\t\t<\/div>\n\n\t\n<\/div>\n\t\t<\/div>\n\t\t\t\t\t<\/div>\n\n\t\n<\/div>\n","protected":false},"excerpt":{"rendered":"","protected":false},"author":2,"featured_media":50621,"parent":17978,"menu_order":0,"comment_status":"closed","ping_status":"closed","template":"","meta":{"footnotes":""},"class_list":["post-48993","page","type-page","status-publish","format-standard","has-post-thumbnail","hentry"],"acf":[],"_links":{"self":[{"href":"https:\/\/www.4eyes.com.tr\/en\/wp-json\/wp\/v2\/pages\/48993","targetHints":{"allow":["GET"]}}],"collection":[{"href":"https:\/\/www.4eyes.com.tr\/en\/wp-json\/wp\/v2\/pages"}],"about":[{"href":"https:\/\/www.4eyes.com.tr\/en\/wp-json\/wp\/v2\/types\/page"}],"author":[{"embeddable":true,"href":"https:\/\/www.4eyes.com.tr\/en\/wp-json\/wp\/v2\/users\/2"}],"replies":[{"embeddable":true,"href":"https:\/\/www.4eyes.com.tr\/en\/wp-json\/wp\/v2\/comments?post=48993"}],"version-history":[{"count":6,"href":"https:\/\/www.4eyes.com.tr\/en\/wp-json\/wp\/v2\/pages\/48993\/revisions"}],"predecessor-version":[{"id":50623,"href":"https:\/\/www.4eyes.com.tr\/en\/wp-json\/wp\/v2\/pages\/48993\/revisions\/50623"}],"up":[{"embeddable":true,"href":"https:\/\/www.4eyes.com.tr\/en\/wp-json\/wp\/v2\/pages\/17978"}],"wp:featuredmedia":[{"embeddable":true,"href":"https:\/\/www.4eyes.com.tr\/en\/wp-json\/wp\/v2\/media\/50621"}],"wp:attachment":[{"href":"https:\/\/www.4eyes.com.tr\/en\/wp-json\/wp\/v2\/media?parent=48993"}],"curies":[{"name":"wp","href":"https:\/\/api.w.org\/{rel}","templated":true}]}}