{"id":33011,"date":"2023-12-20T13:14:28","date_gmt":"2023-12-20T10:14:28","guid":{"rendered":"https:\/\/www.4eyes.com.tr\/?page_id=33011"},"modified":"2024-01-30T15:39:42","modified_gmt":"2024-01-30T12:39:42","slug":"alaia","status":"publish","type":"page","link":"https:\/\/www.4eyes.com.tr\/en\/brand-stories\/alaia\/","title":{"rendered":"ALA\u00cfA"},"content":{"rendered":"<div class=\"row robsl\"  id=\"row-1847393156\">\n\n\t<div id=\"col-2081291547\" class=\"col small-12 large-12\"  >\n\t\t\t\t<div class=\"col-inner\"  >\n\t\t\t\n\t\t\t\n\t<div class=\"img has-hover x md-x lg-x y md-y lg-y\" id=\"image_911727965\">\n\t\t\t\t\t\t\t\t<div class=\"img-inner image-cover dark\" style=\"padding-top:56.25%;\">\n\t\t\t<img loading=\"lazy\" decoding=\"async\" width=\"770\" height=\"440\" src=\"https:\/\/www.4eyes.com.tr\/wp-content\/uploads\/2023\/12\/Alaia.jpg\" class=\"attachment-original size-original\" alt=\"\" srcset=\"https:\/\/www.4eyes.com.tr\/wp-content\/uploads\/2023\/12\/Alaia.jpg 770w, https:\/\/www.4eyes.com.tr\/wp-content\/uploads\/2023\/12\/Alaia-300x171.jpg 300w, https:\/\/www.4eyes.com.tr\/wp-content\/uploads\/2023\/12\/Alaia-768x439.jpg 768w, https:\/\/www.4eyes.com.tr\/wp-content\/uploads\/2023\/12\/Alaia-600x343.jpg 600w\" sizes=\"auto, (max-width: 770px) 100vw, 770px\" \/>\t\t\t\t\t\t\n\t\t\t\t\t<\/div>\n\t\t\t\t\t\t\t\t\n<style>\n#image_911727965 {\n  width: 100%;\n}\n<\/style>\n\t<\/div>\n\t\n\t<div id=\"text-3717339002\" class=\"text fne\">\n\t\t\n<h2 class=\"p1\" style=\"text-align: center;\"><span class=\"s1\"><b>M\u00dcKEMMEL\u0130YET ODAKLI<\/b><\/span><\/h2>\n<blockquote>\n<p style=\"text-align: center;\"><strong><em>Ala\u00efa modaevi, heykel e\u011fitimi sayesinde kad\u0131n bedenini en iyi tan\u0131yan ikonik tasar\u0131mc\u0131lardan Azzedine Ala\u00efa\u2019n\u0131n kusursuzluk tutkusunun izinden gidiyor.<\/em><\/strong><\/p>\n<\/blockquote>\n<p style=\"text-align: justify;\"><strong>Bir tasar\u0131mc\u0131 do\u011fuyor<br \/>\n<\/strong>Azzedine Ala\u00efa 1935 y\u0131l\u0131nda Tunus&#8217;ta hayata geldi. Ailesi bu\u011fday \u00e7ift\u00e7isiydi ancak g\u00f6z al\u0131c\u0131 ikiz k\u0131z karde\u015fi onun modaya olan a\u015fk\u0131na ilham verdi. Annesinin Frans\u0131z bir arkada\u015f\u0131 Ala\u00efa&#8217;n\u0131n i\u00e7g\u00fcd\u00fcsel yarat\u0131c\u0131l\u0131\u011f\u0131n\u0131 Vogue dergisinin kopyalar\u0131yla besledi. Azzedine Ala\u00efa Tunus&#8217;ta insan formu hakk\u0131nda de\u011ferli bilgiler edindi\u011fi heykel e\u011fitimini almaya ba\u015flad\u0131 ve mezuniyetinin ard\u0131ndan Ala\u00efa terzi asistan\u0131 olarak \u00e7al\u0131\u015fmaya ba\u015flad\u0131. K\u0131sa s\u00fcre sonra \u00f6zel m\u00fc\u015fterileri giydirmeye ba\u015flad\u0131 ve 1957&#8217;de moda tasar\u0131m\u0131 alan\u0131nda \u00e7al\u0131\u015fmak \u00fczere Paris&#8217;e ta\u015f\u0131nd\u0131. Paris&#8217;te Christian Dior&#8217;da terzi olarak \u00e7al\u0131\u015fmaya ba\u015flad\u0131, ancak k\u0131sa s\u00fcre sonra iki sezon Guy Laroche i\u00e7in ard\u0131ndan da 1970&#8217;lerin sonunda k\u00fc\u00e7\u00fck rue de Bellechase apartman\u0131nda ilk at\u00f6lyesini a\u00e7ana kadar Thierry Mugler i\u00e7in \u00e7al\u0131\u015fmaya ba\u015flad\u0131. 1979&#8217;da Crazy Horse kabaresi i\u00e7in kost\u00fcmler tasarlad\u0131. Daha sonra opera ve bale i\u00e7in kost\u00fcmler tasarlayacak ve geleneksel moda program\u0131ndan vazge\u00e7ip kendi h\u0131z\u0131nda \u00fcretim yapmas\u0131yla tan\u0131nacakt\u0131. Bu k\u00fc\u00e7\u00fck at\u00f6lyede neredeyse 20 y\u0131l boyunca Marie-Helene de Rothschild&#8217;den Louise de Vilmorin&#8217;e ve provalar\u0131na k\u0131l\u0131k de\u011fi\u015ftirerek gelen Greta Garbo&#8217;ya kadar d\u00fcnyan\u0131n jet sosyetesini \u00f6zel olarak giydirdi.<\/p>\n\t\t\t<\/div>\n\t\n\n  \n    <div class=\"row  lightbox-multi-gallery large-columns-5 medium-columns-3 small-columns-2 row-small slider row-slider slider-nav-reveal\"  data-flickity-options='{&quot;imagesLoaded&quot;: true, &quot;groupCells&quot;: &quot;100%&quot;, &quot;dragThreshold&quot; : 5, &quot;cellAlign&quot;: &quot;left&quot;,&quot;wrapAround&quot;: true,&quot;prevNextButtons&quot;: true,&quot;percentPosition&quot;: true,&quot;pageDots&quot;: false, &quot;rightToLeft&quot;: false, &quot;autoPlay&quot; : false}' >\n\n  <div class=\"gallery-col col\" >\n          <div class=\"col-inner\">\n            <a class=\"\" href=\"https:\/\/www.4eyes.com.tr\/wp-content\/uploads\/2023\/12\/Alaia-9-scaled.jpg\" title=\"\">            <div class=\"box has-hover gallery-box box-none\">\n              <div class=\"box-image image-cover\" style=\"padding-top:95%;\">\n                <img loading=\"lazy\" decoding=\"async\" width=\"218\" height=\"300\" src=\"https:\/\/www.4eyes.com.tr\/wp-content\/uploads\/2023\/12\/Alaia-9-218x300.jpg\" class=\"attachment-medium size-medium\" alt=\"\" ids=\"32992,32994,32996,33000,33002\" style=\"none\" lightbox_image_size=\"original\" type=\"slider\" col_spacing=\"small\" columns=\"5\" image_height=\"95%\" srcset=\"https:\/\/www.4eyes.com.tr\/wp-content\/uploads\/2023\/12\/Alaia-9-218x300.jpg 218w, https:\/\/www.4eyes.com.tr\/wp-content\/uploads\/2023\/12\/Alaia-9-745x1024.jpg 745w, https:\/\/www.4eyes.com.tr\/wp-content\/uploads\/2023\/12\/Alaia-9-768x1056.jpg 768w, https:\/\/www.4eyes.com.tr\/wp-content\/uploads\/2023\/12\/Alaia-9-1117x1536.jpg 1117w, https:\/\/www.4eyes.com.tr\/wp-content\/uploads\/2023\/12\/Alaia-9-1489x2048.jpg 1489w, https:\/\/www.4eyes.com.tr\/wp-content\/uploads\/2023\/12\/Alaia-9-600x825.jpg 600w, https:\/\/www.4eyes.com.tr\/wp-content\/uploads\/2023\/12\/Alaia-9-scaled.jpg 1862w\" sizes=\"auto, (max-width: 218px) 100vw, 218px\" \/>                                                              <\/div>\n              <div class=\"box-text text-left\" >\n                 <p><\/p>\n              <\/div>\n            <\/div>\n            <\/a>          <\/div>\n         <\/div><div class=\"gallery-col col\" >\n          <div class=\"col-inner\">\n            <a class=\"\" href=\"https:\/\/www.4eyes.com.tr\/wp-content\/uploads\/2023\/12\/Alaia-29.jpg\" title=\"\">            <div class=\"box has-hover gallery-box box-none\">\n              <div class=\"box-image image-cover\" style=\"padding-top:95%;\">\n                <img loading=\"lazy\" decoding=\"async\" width=\"300\" height=\"169\" src=\"https:\/\/www.4eyes.com.tr\/wp-content\/uploads\/2023\/12\/Alaia-29-300x169.jpg\" class=\"attachment-medium size-medium\" alt=\"\" ids=\"32992,32994,32996,33000,33002\" style=\"none\" lightbox_image_size=\"original\" type=\"slider\" col_spacing=\"small\" columns=\"5\" image_height=\"95%\" srcset=\"https:\/\/www.4eyes.com.tr\/wp-content\/uploads\/2023\/12\/Alaia-29-300x169.jpg 300w, https:\/\/www.4eyes.com.tr\/wp-content\/uploads\/2023\/12\/Alaia-29-1024x576.jpg 1024w, https:\/\/www.4eyes.com.tr\/wp-content\/uploads\/2023\/12\/Alaia-29-768x432.jpg 768w, https:\/\/www.4eyes.com.tr\/wp-content\/uploads\/2023\/12\/Alaia-29-600x338.jpg 600w, https:\/\/www.4eyes.com.tr\/wp-content\/uploads\/2023\/12\/Alaia-29.jpg 1280w\" sizes=\"auto, (max-width: 300px) 100vw, 300px\" \/>                                                              <\/div>\n              <div class=\"box-text text-left\" >\n                 <p><\/p>\n              <\/div>\n            <\/div>\n            <\/a>          <\/div>\n         <\/div><div class=\"gallery-col col\" >\n          <div class=\"col-inner\">\n            <a class=\"\" href=\"https:\/\/www.4eyes.com.tr\/wp-content\/uploads\/2023\/12\/Alaia-2.png\" title=\"\">            <div class=\"box has-hover gallery-box box-none\">\n              <div class=\"box-image image-cover\" style=\"padding-top:95%;\">\n                <img loading=\"lazy\" decoding=\"async\" width=\"290\" height=\"300\" src=\"https:\/\/www.4eyes.com.tr\/wp-content\/uploads\/2023\/12\/Alaia-2-290x300.png\" class=\"attachment-medium size-medium\" alt=\"\" ids=\"32992,32994,32996,33000,33002\" style=\"none\" lightbox_image_size=\"original\" type=\"slider\" col_spacing=\"small\" columns=\"5\" image_height=\"95%\" srcset=\"https:\/\/www.4eyes.com.tr\/wp-content\/uploads\/2023\/12\/Alaia-2-290x300.png 290w, https:\/\/www.4eyes.com.tr\/wp-content\/uploads\/2023\/12\/Alaia-2-768x794.png 768w, https:\/\/www.4eyes.com.tr\/wp-content\/uploads\/2023\/12\/Alaia-2-600x620.png 600w, https:\/\/www.4eyes.com.tr\/wp-content\/uploads\/2023\/12\/Alaia-2.png 883w\" sizes=\"auto, (max-width: 290px) 100vw, 290px\" \/>                                                              <\/div>\n              <div class=\"box-text text-left\" >\n                 <p><\/p>\n              <\/div>\n            <\/div>\n            <\/a>          <\/div>\n         <\/div><div class=\"gallery-col col\" >\n          <div class=\"col-inner\">\n            <a class=\"\" href=\"https:\/\/www.4eyes.com.tr\/wp-content\/uploads\/2023\/12\/Alaia-10-scaled.jpg\" title=\"\">            <div class=\"box has-hover gallery-box box-none\">\n              <div class=\"box-image image-cover\" style=\"padding-top:95%;\">\n                <img loading=\"lazy\" decoding=\"async\" width=\"218\" height=\"300\" src=\"https:\/\/www.4eyes.com.tr\/wp-content\/uploads\/2023\/12\/Alaia-10-218x300.jpg\" class=\"attachment-medium size-medium\" alt=\"\" ids=\"32992,32994,32996,33000,33002\" style=\"none\" lightbox_image_size=\"original\" type=\"slider\" col_spacing=\"small\" columns=\"5\" image_height=\"95%\" srcset=\"https:\/\/www.4eyes.com.tr\/wp-content\/uploads\/2023\/12\/Alaia-10-218x300.jpg 218w, https:\/\/www.4eyes.com.tr\/wp-content\/uploads\/2023\/12\/Alaia-10-745x1024.jpg 745w, https:\/\/www.4eyes.com.tr\/wp-content\/uploads\/2023\/12\/Alaia-10-768x1056.jpg 768w, https:\/\/www.4eyes.com.tr\/wp-content\/uploads\/2023\/12\/Alaia-10-1117x1536.jpg 1117w, https:\/\/www.4eyes.com.tr\/wp-content\/uploads\/2023\/12\/Alaia-10-1489x2048.jpg 1489w, https:\/\/www.4eyes.com.tr\/wp-content\/uploads\/2023\/12\/Alaia-10-600x825.jpg 600w, https:\/\/www.4eyes.com.tr\/wp-content\/uploads\/2023\/12\/Alaia-10-scaled.jpg 1862w\" sizes=\"auto, (max-width: 218px) 100vw, 218px\" \/>                                                              <\/div>\n              <div class=\"box-text text-left\" >\n                 <p><\/p>\n              <\/div>\n            <\/div>\n            <\/a>          <\/div>\n         <\/div><div class=\"gallery-col col\" >\n          <div class=\"col-inner\">\n            <a class=\"\" href=\"https:\/\/www.4eyes.com.tr\/wp-content\/uploads\/2023\/12\/Alaia-7-scaled.jpg\" title=\"\">            <div class=\"box has-hover gallery-box box-none\">\n              <div class=\"box-image image-cover\" style=\"padding-top:95%;\">\n                <img loading=\"lazy\" decoding=\"async\" width=\"300\" height=\"169\" src=\"https:\/\/www.4eyes.com.tr\/wp-content\/uploads\/2023\/12\/Alaia-7-300x169.jpg\" class=\"attachment-medium size-medium\" alt=\"\" ids=\"32992,32994,32996,33000,33002\" style=\"none\" lightbox_image_size=\"original\" type=\"slider\" col_spacing=\"small\" columns=\"5\" image_height=\"95%\" srcset=\"https:\/\/www.4eyes.com.tr\/wp-content\/uploads\/2023\/12\/Alaia-7-300x169.jpg 300w, https:\/\/www.4eyes.com.tr\/wp-content\/uploads\/2023\/12\/Alaia-7-1024x576.jpg 1024w, https:\/\/www.4eyes.com.tr\/wp-content\/uploads\/2023\/12\/Alaia-7-768x432.jpg 768w, https:\/\/www.4eyes.com.tr\/wp-content\/uploads\/2023\/12\/Alaia-7-1536x864.jpg 1536w, https:\/\/www.4eyes.com.tr\/wp-content\/uploads\/2023\/12\/Alaia-7-2048x1152.jpg 2048w, https:\/\/www.4eyes.com.tr\/wp-content\/uploads\/2023\/12\/Alaia-7-600x338.jpg 600w\" sizes=\"auto, (max-width: 300px) 100vw, 300px\" \/>                                                              <\/div>\n              <div class=\"box-text text-left\" >\n                 <p><\/p>\n              <\/div>\n            <\/div>\n            <\/a>          <\/div>\n         <\/div><\/div>\n<p style=\"text-align: justify;\"><strong>Ala\u00efa efsanesi ba\u015fl\u0131yor<br \/>\n<\/strong>Azzedine Ala\u00efa ilk haz\u0131r giyim koleksiyonunu 1980 y\u0131l\u0131nda \u00fcretti ve Marais b\u00f6lgesindeki rue du Parc-Royal&#8217;de daha b\u00fcy\u00fck bir binaya ta\u015f\u0131nd\u0131. Ala\u00efa, ayn\u0131 zamanda at\u00f6lye, ma\u011faza ve showroom olarak da hizmet veren Marais&#8217;deki lokasyonunda t\u00fcm misafirlerini ve \u00e7al\u0131\u015fanlar\u0131n\u0131 en iyi \u015fekilde a\u011f\u0131rlad\u0131\u011f\u0131 i\u00e7in misafirperverli\u011fi ile tan\u0131n\u0131yordu. Bir elbiseyi yapmak i\u00e7in 5 hafta ya da 5 ay harcayabilen mutlak bir m\u00fckemmeliyet\u00e7iydi ve kesim ve provadan numune dikimine kadar her \u015feyi kendisi yapmak konusunda kararl\u0131yd\u0131. Hatta podyum g\u00f6sterilerinden sonra t\u00fcm kal\u0131plar\u0131 de\u011fi\u015ftirirdi, b\u00f6ylece tasar\u0131mlar\u0131 daha ortalama bir kad\u0131n fig\u00fcr\u00fcne uyard\u0131. Ticarile\u015fmeye boyun e\u011fmedi ve moda sisteminin inan\u0131lmaz h\u0131z\u0131na ayak uydurmay\u0131 reddetti. Ala\u00efa&#8217;da nitelik kesinlikle nicelikten daha \u00f6nemliydi ve her bir giysi kendi elleriyle \u00f6zenle in\u015fa edilip tamamlan\u0131yordu; trendleri takip etmek yerine her zaman kendi tekni\u011fini m\u00fckemmelle\u015ftiriyordu. S\u00fcrekli yenilik pe\u015finde ko\u015fan Ala\u00efa, s\u00fctyen \u00fcstleri i\u00e7in vatoz kulland\u0131 ve rafya ve at k\u0131l\u0131ndan elbiseler yaratt\u0131. Ayr\u0131ca deri ve kuma\u015flar\u0131 lazerle keserek kendine \u00f6zg\u00fc aksesuarlar ve v\u00fccuda oturan siluetler yaratt\u0131.<br \/>\nAla\u00efa, 1984 y\u0131l\u0131nda Frans\u0131z K\u00fclt\u00fcr Bakanl\u0131\u011f\u0131 taraf\u0131ndan d\u00fczenlenen Oscars de la Mode&#8217;da Grace Jones e\u015fli\u011finde sahneye \u00e7\u0131karak Y\u0131l\u0131n En \u0130yi Tasar\u0131mc\u0131s\u0131 ve Y\u0131l\u0131n En \u0130yi Koleksiyonu \u00f6d\u00fcllerini kazand\u0131. 1980 y\u0131l\u0131nda tasar\u0131mc\u0131 Andre Putman ilk Ala\u00efa deri paltolar\u0131ndan biriyle Madison Avenue&#8217;de y\u00fcr\u00fcrken Bergdorf Goodman&#8217;dan bir al\u0131c\u0131 taraf\u0131ndan durdurularak ne giydi\u011fi soruldu ve bu olay Ala\u00efa&#8217;n\u0131n tasar\u0131mlar\u0131n\u0131n New York ve Beverly Hills&#8217;te sat\u0131lmas\u0131na yol a\u00e7t\u0131.<\/p>\n<div class=\"row row-small row-full-width\"  id=\"row-239739250\">\n\n\t<div id=\"col-1831387639\" class=\"col medium-7 large-7\"  >\n\t\t\t\t<div class=\"col-inner\"  >\n\t\t\t\n\t\t\t\n<p style=\"text-align: justify;\"><strong>M\u00fckemmel zanaatkar<br \/>\n<\/strong>Ala\u00efa&#8217;n\u0131n seviyesindeki \u00e7ok az tasar\u0131mc\u0131 hala kendi giysi kal\u0131plar\u0131n\u0131 kesiyor, numuneler dikiyor ve provalar yap\u0131yor, ancak Tunuslu tasar\u0131mc\u0131 i\u011fne ve iplik kullanmay\u0131 asla b\u0131rakmad\u0131. Kuma\u015f a\u011f\u0131rl\u0131klar\u0131 aras\u0131nda gezinme konusunda bir ustayd\u0131 ve her par\u00e7an\u0131n yarat\u0131lmas\u0131 ve uygulanmas\u0131 konusuna \u00e7ok \u00f6nem veriyordu. \u00dcretimi s\u0131n\u0131rl\u0131, ancak iyi ara\u015ft\u0131r\u0131lm\u0131\u015f, d\u00fc\u015f\u00fcn\u00fclm\u00fc\u015f ve ustal\u0131kla yap\u0131lm\u0131\u015f \u00fcr\u00fcnler sunuyordu. Markalar\u0131n giderek daha fazla koleksiyon \u00e7\u0131kard\u0131\u011f\u0131 a\u015f\u0131r\u0131 doymu\u015f bir sekt\u00f6rde, o ak\u0131ll\u0131 bir anomaliydi. Onun i\u00e7in moda, titiz bir yap\u0131yla ilgiliydi ama her zaman kad\u0131nlar\u0131n kendilerini tamamen ilahi hissetmelerini sa\u011flamak amac\u0131n\u0131 ta\u015f\u0131rd\u0131. Ala\u00efa, geceleri nadiren iki saatten fazla uyuyan ger\u00e7ek bir modac\u0131yd\u0131. Bununla birlikte, ekibinin \u00f6nemini \u00e7ok iyi biliyordu. Asl\u0131nda Ala\u00efa bu nedenle defile sonras\u0131 t\u00fcm alk\u0131\u015f\u0131 kendisi toplamamak i\u00e7in asla selam vermezdi.<\/p>\n<p style=\"text-align: justify;\"><strong>S\u00fcper model kavram\u0131n\u0131 olu\u015fturdu<br \/>\n<\/strong>Gianni Versace genellikle s\u00fcper model konseptini olu\u015fturan ki\u015fi olarak an\u0131lsa da Ala\u00efa bu konuda ilkti. Konseptin do\u011fu\u015fu ve bas\u0131n\u0131n bu g\u00fc\u00e7l\u00fc g\u00f6r\u00fcn\u00fcml\u00fc kad\u0131nlar\u0131 bir arada g\u00f6rmesi, 80&#8217;lerin ortalar\u0131nda onun samimi ve \u00f6zel \u015fovlar\u0131nda ger\u00e7ekle\u015fti. Veronica Webb, Stephanie Seymour ve Naomi Campbell gibi s\u00fcper modellere bir baba gibi bakt\u0131. Cindy Crawford, Claudia Schiffer, Yasmin Le Bon, Christy Turlington ve Eva Herzigova onun defilelerinin m\u00fcdavimleriydi ve k\u0131yafetleri onlara h\u00fckmedici bir duru\u015f kazand\u0131r\u0131yordu. Bu modeller onun \u015fovlar\u0131n\u0131n bir par\u00e7as\u0131 olmak i\u00e7in di\u011fer rezervasyonlar\u0131n\u0131 iptal ederlerdi ve onun k\u0131yafetleri i\u00e7inde g\u00fczel ve g\u00fc\u00e7l\u00fc g\u00f6r\u00fcnmeleri, tart\u0131\u015fmal\u0131 bir \u015fekilde di\u011fer i\u015fleri \u00e7ekmede etkili bir marka arac\u0131yd\u0131.<\/p>\n<p style=\"text-align: justify;\">\n\t\t<\/div>\n\t\t\t\t\t<\/div>\n\n\t\n\n\t<div id=\"col-381986991\" class=\"col medium-5 large-5\"  >\n\t\t\t\t<div class=\"col-inner\"  >\n\t\t\t\n\t\t\t\n\t<div class=\"img has-hover x md-x lg-x y md-y lg-y\" id=\"image_2088318587\">\n\t\t\t\t\t\t\t\t<div class=\"img-inner image-cover dark\" style=\"padding-top:140%;\">\n\t\t\t<img loading=\"lazy\" decoding=\"async\" width=\"800\" height=\"1000\" src=\"https:\/\/www.4eyes.com.tr\/wp-content\/uploads\/2023\/12\/Alaia-25.jpg\" class=\"attachment-large size-large\" alt=\"\" srcset=\"https:\/\/www.4eyes.com.tr\/wp-content\/uploads\/2023\/12\/Alaia-25.jpg 800w, https:\/\/www.4eyes.com.tr\/wp-content\/uploads\/2023\/12\/Alaia-25-240x300.jpg 240w, https:\/\/www.4eyes.com.tr\/wp-content\/uploads\/2023\/12\/Alaia-25-768x960.jpg 768w, https:\/\/www.4eyes.com.tr\/wp-content\/uploads\/2023\/12\/Alaia-25-600x750.jpg 600w\" sizes=\"auto, (max-width: 800px) 100vw, 800px\" \/>\t\t\t\t\t\t\n\t\t\t\t\t<\/div>\n\t\t\t\t\t\t\t\t\n<style>\n#image_2088318587 {\n  width: 100%;\n}\n<\/style>\n\t<\/div>\n\t\n\t\t<\/div>\n\t\t\t\t\t<\/div>\n\n\t\n<p>&nbsp;<\/p>\n<\/div>\n<p style=\"text-align: justify;\"><strong>Geleneksel defileleri ilk reddeden oydu<br \/>\n<\/strong>Ala\u00efa her zaman kendi i\u00e7 sesini dinlemi\u015ftir. See Now Buy Now konseptinin yani koleksiyonlar\u0131n defileden hemen sonra sat\u0131\u015fa sunulmas\u0131 durumunun ortaya \u00e7\u0131kmas\u0131ndan y\u0131llar \u00f6nce, sekt\u00f6r\u00fcn beklentilerini ve hatta ge\u00e7ici trendleri reddederek defile program\u0131n\u0131 terk etti. Koleksiyonlar\u0131n\u0131 geleneksel moda haftas\u0131 program\u0131ndan aylar sonra sergileyen Ala\u00efa, 1992 y\u0131l\u0131nda defile takviminden tamamen \u00e7ekildi. Ancak Temmuz 2011&#8217;de Naomi Campbell&#8217;\u0131n ba\u015frolde oldu\u011fu ve \u00f6vg\u00fc dolu ele\u015ftiriler alan s\u00fcrpriz bir defileyle geri d\u00f6nd\u00fc.<\/p>\n<p style=\"text-align: justify;\"><strong>Ala\u00efa elbiseleri\u2026<br \/>\n<\/strong>Zamans\u0131zl\u0131k ve yat\u0131r\u0131ml\u0131k par\u00e7alar ifadeleri moda d\u00fcnyas\u0131nda \u00e7ok\u00e7a kullan\u0131l\u0131r, ancak Ala\u00efa&#8217;n\u0131n \u00e7al\u0131\u015fmalar\u0131 her ikisini de ger\u00e7ekten hak ediyor. Ala\u00efa&#8217;n\u0131n tasar\u0131mlar\u0131n\u0131 sat\u0131n alan kad\u0131nlar, onlarca y\u0131l giyilecek ve daha sonra gelecek nesillere aktar\u0131lacak yadigarlar, g\u00fczel par\u00e7alar sat\u0131n ald\u0131klar\u0131n\u0131 bilirler. Reklam ya da pazarlama olmadan Ala\u00efa&#8217;n\u0131n koleksiyonlar\u0131 hi\u00e7bir zaman cazibesini yitirmedi. Ala\u00efa k\u0131yafetlerini kad\u0131n formuna g\u00f6re \u015fekillendirmi\u015f, kad\u0131n bedeni etraf\u0131nda tasar\u0131mlar yapm\u0131\u015ft\u0131r. \u00c7al\u0131\u015fmalar\u0131n\u0131 Rodin i\u015f\u00e7ili\u011fi seviyesinde \u015fekillendirdi ve \u00e7al\u0131\u015fmalar\u0131n\u0131n bir kad\u0131n \u00fczerinde nas\u0131l g\u00f6r\u00fcnece\u011fi fikrinden asla \u00f6d\u00fcn vermedi. Bu sebeple fit ve klo\u015f \u015fekiller ve k\u0131vr\u0131ml\u0131 beller temel imzalar\u0131d\u0131r. Antik Amazonlardan ilham alan Ala\u00efa&#8217;n\u0131n \u00e7al\u0131\u015fmalar\u0131, kad\u0131nl\u0131kla ilgili \u00f6nyarg\u0131lara meydan okuyor. Tasar\u0131mc\u0131, kendisinden \u00f6nceki bol, yumu\u015fak \u015fekillerden \u00e7ok uzakta, body-con siluetini icat etti. Tasar\u0131mlar\u0131 kad\u0131nlar\u0131n olabilecekleri en iyi \u015fekilde g\u00f6r\u00fcnmelerini ve hissetmelerini sa\u011fl\u0131yor; etkileyici bir etki yaratmak i\u00e7in s\u0131k\u0131\u015ft\u0131r\u0131yor, kavr\u0131yor ve yumu\u015fat\u0131yor. Tasar\u0131mc\u0131y\u0131 16 ya\u015f\u0131ndan beri tan\u0131yan Naomi Campbell, &#8220;Ba\u015fka hi\u00e7bir elbise bir kad\u0131n\u0131n Ala\u00efa elbisesi kadar iyi g\u00f6r\u00fcnmesini ve hissetmesini sa\u011flayamaz \u00e7\u00fcnk\u00fc bir kad\u0131n\u0131n v\u00fccudunu m\u00fckemmel bir \u015fekilde sarar&#8221; diyor.<\/p>\n<div class=\"row\"  id=\"row-1658990175\">\n\n\t<div id=\"col-1118342776\" class=\"col medium-6 small-12 large-6\"  >\n\t\t\t\t<div class=\"col-inner\"  >\n\t\t\t\n\t\t\t\n\t<div class=\"img has-hover x md-x lg-x y md-y lg-y\" id=\"image_448241368\">\n\t\t\t\t\t\t\t\t<div class=\"img-inner image-cover dark\" style=\"padding-top:800px;\">\n\t\t\t<img loading=\"lazy\" decoding=\"async\" width=\"1218\" height=\"1827\" src=\"https:\/\/www.4eyes.com.tr\/wp-content\/uploads\/2023\/12\/Alaia-_2_.jpg\" class=\"attachment-original size-original\" alt=\"\" srcset=\"https:\/\/www.4eyes.com.tr\/wp-content\/uploads\/2023\/12\/Alaia-_2_.jpg 1218w, https:\/\/www.4eyes.com.tr\/wp-content\/uploads\/2023\/12\/Alaia-_2_-200x300.jpg 200w, https:\/\/www.4eyes.com.tr\/wp-content\/uploads\/2023\/12\/Alaia-_2_-683x1024.jpg 683w, https:\/\/www.4eyes.com.tr\/wp-content\/uploads\/2023\/12\/Alaia-_2_-768x1152.jpg 768w, https:\/\/www.4eyes.com.tr\/wp-content\/uploads\/2023\/12\/Alaia-_2_-1024x1536.jpg 1024w, https:\/\/www.4eyes.com.tr\/wp-content\/uploads\/2023\/12\/Alaia-_2_-600x900.jpg 600w\" sizes=\"auto, (max-width: 1218px) 100vw, 1218px\" \/>\t\t\t\t\t\t\n\t\t\t\t\t<\/div>\n\t\t\t\t\t\t\t\t\n<style>\n#image_448241368 {\n  width: 100%;\n}\n<\/style>\n\t<\/div>\n\t\n\t<div class=\"img has-hover x md-x lg-x y md-y lg-y\" id=\"image_386451559\">\n\t\t\t\t\t\t\t\t<div class=\"img-inner image-cover dark\" style=\"padding-top:400px;\">\n\t\t\t<img loading=\"lazy\" decoding=\"async\" width=\"1366\" height=\"909\" src=\"https:\/\/www.4eyes.com.tr\/wp-content\/uploads\/2023\/12\/Alaia-2.jpg\" class=\"attachment-original size-original\" alt=\"\" srcset=\"https:\/\/www.4eyes.com.tr\/wp-content\/uploads\/2023\/12\/Alaia-2.jpg 1366w, https:\/\/www.4eyes.com.tr\/wp-content\/uploads\/2023\/12\/Alaia-2-300x200.jpg 300w, https:\/\/www.4eyes.com.tr\/wp-content\/uploads\/2023\/12\/Alaia-2-1024x681.jpg 1024w, https:\/\/www.4eyes.com.tr\/wp-content\/uploads\/2023\/12\/Alaia-2-768x511.jpg 768w, https:\/\/www.4eyes.com.tr\/wp-content\/uploads\/2023\/12\/Alaia-2-600x399.jpg 600w\" sizes=\"auto, (max-width: 1366px) 100vw, 1366px\" \/>\t\t\t\t\t\t\n\t\t\t\t\t<\/div>\n\t\t\t\t\t\t\t\t\n<style>\n#image_386451559 {\n  width: 100%;\n}\n<\/style>\n\t<\/div>\n\t\n\t\t<\/div>\n\t\t\t\t\t<\/div>\n\n\t\n\n\t<div id=\"col-140528159\" class=\"col medium-6 small-12 large-6\"  >\n\t\t\t\t<div class=\"col-inner\"  >\n\t\t\t\n\t\t\t\n<p style=\"text-align: justify;\"><strong>90\u2019lardaki uzakla\u015fma<br \/>\n<\/strong>K\u0131z karde\u015finin 1990&#8217;lar\u0131n ortalar\u0131ndaki \u00f6l\u00fcm\u00fcn\u00fcn ard\u0131ndan Ala\u00efa moda sahnesinden neredeyse kayboldu, ancak \u00f6zel bir m\u00fc\u015fteri kitlesine hitap etmeye devam etti ve haz\u0131r giyim serileriyle ticari ba\u015far\u0131s\u0131n\u0131 s\u00fcrd\u00fcrd\u00fc. Koleksiyonlar\u0131n\u0131 Marais&#8217;nin kalbinde, yarat\u0131c\u0131 at\u00f6lyesini, buti\u011fini ve showroom\u2019unu tek bir \u00e7at\u0131 alt\u0131nda toplad\u0131\u011f\u0131 kendi mekan\u0131nda sunmaya devam etti.<br \/>\nFloransa&#8217;daki Biennale della Moda&#8217;ya 1996 y\u0131l\u0131nda kat\u0131ld\u0131 ve burada uzun zamand\u0131r arkada\u015f\u0131 olan Julian Schnabel&#8217;in resimleriyle birlikte etkinlik i\u00e7in yaratt\u0131\u011f\u0131 ola\u011fan\u00fcst\u00fc bir elbiseyi sergiledi. Ard\u0131ndan 2000 y\u0131l\u0131nda Prada grubu ile bir ortakl\u0131k imzalad\u0131. Ayn\u0131 y\u0131l New York&#8217;taki Guggenheim&#8217;da ki\u015fisel bir sergiyle onurland\u0131r\u0131ld\u0131. 1997 y\u0131l\u0131nda Hollanda&#8217;daki Groninger M\u00fczesi&#8217;nde Mark Wilson ve Jim Cook&#8217;un k\u00fcrat\u00f6rl\u00fc\u011f\u00fcnde bir sergi a\u00e7m\u0131\u015ft\u0131. Prada ile \u00e7al\u0131\u015fmas\u0131 ona ikinci bir etkileyici r\u00f6nesans ya\u015fatt\u0131 ve Temmuz 2007&#8217;de modaevini ve marka ad\u0131n\u0131 Prada grubundan ba\u015far\u0131yla geri ald\u0131, ancak ayakkab\u0131 ve deri \u00fcr\u00fcnleri b\u00f6l\u00fcm\u00fc grup taraf\u0131ndan geli\u015ftirilmeye ve \u00fcretilmeye devam etti.<br \/>\nAla\u00efa 2008 y\u0131l\u0131nda Frans\u0131z h\u00fck\u00fcmeti taraf\u0131ndan Legion of Honour ile \u00f6d\u00fcllendirildi. 2011 y\u0131l\u0131nda, sekiz y\u0131ll\u0131k bir aradan sonra koleksiyonlar\u0131n\u0131 tekrar podyumda sergilemeye ba\u015flad\u0131. Temmuz 2011&#8217;de Alaia&#8217;n\u0131n yedi y\u0131l aradan sonra ger\u00e7ekle\u015ftirdi\u011fi ilk podyum defilesi ayakta alk\u0131\u015fland\u0131. Etkinlikte Donatella Versace ve Sofia Coppola&#8217;n\u0131n da aralar\u0131nda bulundu\u011fu y\u0131ld\u0131zlarla dolu bir \u00f6n s\u0131ra yer ald\u0131. Temmuz 2012&#8217;de Alaia&#8217;n\u0131n Mart 2013&#8217;te Paris&#8217;te 1992&#8217;den bu yana ilk kez bir ma\u011faza a\u00e7aca\u011f\u0131 duyuruldu. Her zamanki gibi, binan\u0131n nispeten gizli konumuyla g\u00f6steri\u015ften uzak bir al\u0131\u015fveri\u015f merkezi olarak kalmas\u0131na \u00f6nem verildi\u011fi bildiriliyor.<\/p>\n<p style=\"text-align: justify;\"><strong>Ac\u0131 kay\u0131p<br \/>\n<\/strong>\u0130lklere imza atan efsanevi tasar\u0131mc\u0131 Azzedine Ala\u00efa Kas\u0131m 2017&#8217;de, 82 ya\u015f\u0131ndayken Paris&#8217;te hayat\u0131n\u0131 kaybetti. Tasar\u0131mlar\u0131 Amerikan First Lady&#8217;si Michelle Obama ve Carine Roitfeld&#8217;den Grace Jones ve Lady Gaga&#8217;ya kadar say\u0131s\u0131z \u00fcnl\u00fc taraf\u0131ndan giyildi. Madonna, Tina Turner, Gwen Stefani, LeAnn Rimes, Heidi Klum, Mariah Carey, Victoria Beckham, Ashley Olsens, Naomi Campbell, Katie Holmes, Vanessa Traina, Julia Roberts, Jada Pinkett Smith, Stephanie Seymour, Katherine Heigl ve Cameron Diaz markan\u0131n hayranlar\u0131 aras\u0131ndaki \u00fcnl\u00fcler aras\u0131nda yer al\u0131yor.<br \/>\nChristoph vo Weyhe ve Carla Sozzani ile birlikte 2007 y\u0131l\u0131nda ar\u015fivini korumak i\u00e7in Association Azzedine Alaia&#8217;y\u0131 kuran merhum modac\u0131, 40 y\u0131l\u0131 a\u015fk\u0131n bir s\u00fcre boyunca hi\u00e7 \u00fcretilmemi\u015f prototipler de dahil olmak \u00fczere her \u015feyden bir tane saklad\u0131. Bug\u00fcn ar\u015fivde yakla\u015f\u0131k 25.000 par\u00e7a ve t\u00fcm orijinal desenler bulunmaktad\u0131r. Ya\u015fam\u0131 boyunca, 1996&#8217;da Floransa&#8217;da Carla Sozzani k\u00fcrat\u00f6rl\u00fc\u011f\u00fcnde d\u00fczenlenen ilk retrospektifinden 2020&#8217;deki Ala\u00efa ve Balenciaga, \u015eeklin Heykelt\u0131ra\u015flar\u0131 sergisine kadar Ala\u00efa&#8217;n\u0131n \u00e7al\u0131\u015fmalar\u0131na adanm\u0131\u015f \u00e7ok say\u0131da sergi d\u00fczenlendi.<\/p>\n\t\t<\/div>\n\t\t\t\t\t<\/div>\n\n\t\n<\/div>\n<p style=\"text-align: justify;\"><strong>Ala\u00efa hala modaya y\u00f6n veriyor<br \/>\n<\/strong>G\u00fcn\u00fcm\u00fczde Ala\u00efa&#8217;n\u0131n m\u00fckemmellik gelene\u011fi ve tasar\u0131m tutkusu Kreatif Direkt\u00f6r Pieter Mulier&#8217;in yeni y\u00f6netimi alt\u0131nda her zamankinden daha modern ve g\u00fczel bir \u015fekilde devam ediyor. Modaevi her zaman oldu\u011fu gibi usta i\u015fi siluetleri, zengin, ya\u011fl\u0131 deriler ve sa\u011flam ama yumu\u015fak pamuklular gibi zamans\u0131z ama modern bir \u00e7ekicili\u011fe sahip kaliteli, uzun \u00f6m\u00fcrl\u00fc tekstillerle e\u015fle\u015ftiriyor. Mevcut haz\u0131r giyim koleksiyonu, Ala\u00efa&#8217;n\u0131n imzas\u0131 haline gelen ve her t\u00fcr kad\u0131n\u0131n \u00fczerinde harika duracak \u015fekilde tasarlanan yontulmu\u015f \u00f6rme elbiseleri ve abiyeleri i\u00e7eriyor.<br \/>\nBenzersiz ayakkab\u0131lar, g\u00f6steri\u015fli \u00e7antalar, zarif g\u00f6zl\u00fckler ve aksesuarlarla da tan\u0131nan Ala\u00efa, koleksiyonun b\u00fcy\u00fck bir b\u00f6l\u00fcm\u00fcnde lazer kesim teknolojisine olan yak\u0131nl\u0131\u011f\u0131n\u0131 sergiliyor. Al\u0131\u015f\u0131lmad\u0131k kesimler ve aerodinamik tasar\u0131mlarla koleksiyonlar, geleneksel Frans\u0131z moda tasar\u0131m\u0131na modern bir bak\u0131\u015f a\u00e7\u0131s\u0131 sunuyor.<\/p>\n<p style=\"text-align: justify;\"><strong>Ala\u00efa Eyewear<br \/>\n<\/strong>Moda d\u00fcnyas\u0131n\u0131n sevilen Tunuslu tasar\u0131mc\u0131s\u0131 Azzedine Ala\u00efa\u2019n\u0131n 2017 y\u0131l\u0131n\u0131n Kas\u0131m ay\u0131nda vefat etmesinden sadece birka\u00e7 ay sonra modaevi en yeni koleksiyonunu tan\u0131tt\u0131 ve yeni koleksiyonunun giyim \u00fczerine olmay\u0131\u015f\u0131 t\u00fcm moda \u00e7evrelerini \u015fa\u015f\u0131rtt\u0131. Ala\u00efa, \u015eubat 2018&#8217;de ilk kez Kering Eyewear ile ortakla\u015fa \u00fcretti\u011fi bir g\u00f6zl\u00fck koleksiyonunu be\u011fenilere sunarak yepyeni bir segmentte \u00fcr\u00fcn haz\u0131rlamaya ba\u015flad\u0131. Koleksiyonda, d\u00fcnyan\u0131n d\u00f6rt bir yan\u0131ndaki kad\u0131nlara \u00f6zel alt\u0131 farkl\u0131 stil yer al\u0131yordu. Ten renginden siyaha kadar de\u011fi\u015fen farkl\u0131 renk se\u00e7enekleri ve oval, kare ve yuvarlak gibi \u00e7e\u015fitli \u015fekiller i\u00e7eren her tasar\u0131m, merhum tasar\u0131mc\u0131 Azzedine Ala\u00efa&#8217;n\u0131n i\u015f\u00e7ili\u011finin ve detaylara verdi\u011fi \u00f6nemin \u00f6z\u00fcn\u00fc yans\u0131t\u0131yordu. Mikro-\u00e7\u0131t\u00e7\u0131tlar \u00e7er\u00e7eveleri s\u00fcslerken, her yerde bulunan lazer deseni de koleksiyona ayr\u0131 bir hava kat\u0131yordu. G\u00f6zl\u00fck koleksiyonu, modaevinin haz\u0131r giyim, couture, koku ve deri aksesuarlardan olu\u015fan geni\u015f yelpazesine eklenen en yeni \u00fcr\u00fcn\u00fc olarak k\u00fcresel \u00e7apta b\u00fcy\u00fck ilgiyle kar\u015f\u0131land\u0131. Halen Kering Eyewear ile g\u00f6zl\u00fck koleksiyonlar\u0131n\u0131n tasar\u0131m\u0131, \u00fcretimi ve da\u011f\u0131t\u0131m\u0131 \u00fczerine olan k\u00fcresel lisans anla\u015fmalar\u0131n\u0131 s\u00fcrd\u00fcren Ala\u00efa, kurucusunun miras\u0131n\u0131 korumaya her yeni g\u00f6zl\u00fck koleksiyonu ile devam ediyor.<\/p>\n<p>&nbsp;<\/p>\n<p style=\"text-align: right;\"><strong>Aral\u0131k 2023<\/strong><\/p>\n\t\t<\/div>\n\t\t\t\t\t<\/div>\n\n\t\n<\/div>\n","protected":false},"excerpt":{"rendered":"","protected":false},"author":4,"featured_media":34410,"parent":17978,"menu_order":0,"comment_status":"closed","ping_status":"closed","template":"","meta":{"footnotes":""},"class_list":["post-33011","page","type-page","status-publish","format-standard","has-post-thumbnail","hentry"],"acf":[],"_links":{"self":[{"href":"https:\/\/www.4eyes.com.tr\/en\/wp-json\/wp\/v2\/pages\/33011","targetHints":{"allow":["GET"]}}],"collection":[{"href":"https:\/\/www.4eyes.com.tr\/en\/wp-json\/wp\/v2\/pages"}],"about":[{"href":"https:\/\/www.4eyes.com.tr\/en\/wp-json\/wp\/v2\/types\/page"}],"author":[{"embeddable":true,"href":"https:\/\/www.4eyes.com.tr\/en\/wp-json\/wp\/v2\/users\/4"}],"replies":[{"embeddable":true,"href":"https:\/\/www.4eyes.com.tr\/en\/wp-json\/wp\/v2\/comments?post=33011"}],"version-history":[{"count":5,"href":"https:\/\/www.4eyes.com.tr\/en\/wp-json\/wp\/v2\/pages\/33011\/revisions"}],"predecessor-version":[{"id":34414,"href":"https:\/\/www.4eyes.com.tr\/en\/wp-json\/wp\/v2\/pages\/33011\/revisions\/34414"}],"up":[{"embeddable":true,"href":"https:\/\/www.4eyes.com.tr\/en\/wp-json\/wp\/v2\/pages\/17978"}],"wp:featuredmedia":[{"embeddable":true,"href":"https:\/\/www.4eyes.com.tr\/en\/wp-json\/wp\/v2\/media\/34410"}],"wp:attachment":[{"href":"https:\/\/www.4eyes.com.tr\/en\/wp-json\/wp\/v2\/media?parent=33011"}],"curies":[{"name":"wp","href":"https:\/\/api.w.org\/{rel}","templated":true}]}}